{"id":7111,"date":"2021-04-02T15:06:48","date_gmt":"2021-04-02T15:06:48","guid":{"rendered":"https:\/\/vidahoteles.com\/?page_id=7111"},"modified":"2021-05-31T16:54:59","modified_gmt":"2021-05-31T16:54:59","slug":"kombinierte-aufenthalte-in-galizien","status":"publish","type":"page","link":"https:\/\/vidahoteles.com\/de\/kombinierte-aufenthalte-in-galizien\/","title":{"rendered":"Kombinierte Aufenthalte in Galizien"},"content":{"rendered":"<p><script type=\"text\/javascript\">\/\/ <![CDATA[ \n$(document).ready(function()\n{ $.datepicker.regional[\"es\"] = { \ncloseText: \"Cerrar\", \nprevText: \"&#x3C;Ant\", \nnextText: \"Sig&#x3E;\", \ncurrentText: \"Hoy\", \nmonthNames: [ \"Enero\",\"Febrero\",\"Marzo\",\"Abril\",\"Mayo\",\"Junio\", \"Julio\",\"Agosto\",\"Septiembre\",\"Octubre\",\"Noviembre\",\"Diciembre\" ], \nmonthNamesShort: [ \"ene\",\"feb\",\"mar\",\"abr\",\"may\",\"jun\", \"jul\",\"ago\",\"sep\",\"oct\",\"nov\",\"dic\" ], \ndayNames: [ \"domingo\",\"lunes\",\"martes\",\"mi&eacute;rcoles\",\"jueves\",\"viernes\",\"s&aacute;bado\" ], \ndayNamesShort: [ \"dom\",\"lun\",\"mar\",\"mi&eacute;\",\"jue\",\"vie\",\"s&aacute;b\" ], \ndayNamesMin: [ \"D\",\"L\",\"M\",\"X\",\"J\",\"V\",\"S\" ], \nweekHeader: \"Sm\", \ndateFormat: \"dd\/mm\/yy\", \nfirstDay: 1, \nisRTL: false, \nshowMonthAfterYear: false, \nyearSuffix: \"\" }; \n$.datepicker.setDefaults( $.datepicker.regional[ \"es\" ] ); \n}); \/\/ ]]><\/script><\/p>\n<div style=\"background-color: #dddddd; padding: 2px; text-align: center;\">\n<form id=\"bookform\" action=\"https:\/\/vidahoteles.com\/de\/reservas\/\" method=\"get\"><input name=\"fullintegration\" type=\"hidden\" value=\"1\"><input name=\"fitparent\" type=\"hidden\" value=\"1\"><input name=\"vscroll\" type=\"hidden\" value=\"1\"><input id=\"skin\" name=\"skin\" type=\"hidden\" value=\"vidahotpax\"><input name=\"idiomaid\" type=\"hidden\" value=\"de\"><input id=\"channelkey\" name=\"channelkey\" type=\"hidden\" value=\"BAFEEEF3-D0F0-2874-E053-0100007F4441\"><span style=\"font-size: 20px;\"><strong>RESERVAS ONLINE (MEJOR PRECIO GARANTIZADO)<\/strong><\/span><br \/>\n<span style=\"font-size: 17px;\"><strong>Entrada: <\/strong><\/span><input id=\"desde\" style=\"background-color: #fff; color: #000;\" name=\"desde\" readonly=\"readonly\" size=\"8\" type=\"text\"><span style=\"font-size: 17px;\"><strong>Salida:<\/strong><\/span><input id=\"hasta\" style=\"background-color: #fff; color: #000;\" name=\"hasta\" readonly=\"readonly\" size=\"8\" type=\"text\"><span style=\"font-size: 17px;\"><strong> N\u00ba Habitaciones: <\/strong><\/span><select id=\"numhab\" style=\"font-size: 15px;\" name=\"numhab\"><option selected=\"selected\" value=\"1\">1<\/option><option value=\"2\">2<\/option><option value=\"3\">3<\/option><\/select><input name=\"adultos\" type=\"hidden\"><input name=\"nenes\" type=\"hidden\"><input name=\"edadnenes\" type=\"hidden\"><\/p>\n<div id=\"habs\" style=\"display: table;\">\n<div id=\"hab1_hab\" style=\"display: table-row;\"><\/div>\n<div id=\"hab1_labels\" style=\"display: table-row;\">\n<div style=\"display: table-cell; font-size: 15px;\">&nbsp;<\/div>\n<div style=\"display: table-cell; font-size: 14px;\">Adultos<\/div>\n<div style=\"display: table-cell; font-size: 14px;\">Ni\u00f1os<\/div>\n<div id=\"edadnenes1_hab1_label\" style=\"display: table-cell; visibility: hidden; font-size: 14px;\">Edad1<\/div>\n<div id=\"edadnenes2_hab1_label\" style=\"display: table-cell; visibility: hidden; font-size: 14px;\">Edad2<\/div>\n<\/div>\n<div id=\"hab1_frm\" style=\"display: table-row;\">\n<div style=\"display: table-cell; font-size: 15px;\"><strong>Habitaci\u00f3n 1:<\/strong><\/div>\n<div style=\"display: table-cell;\"><input id=\"adultos1\" style=\"background-color: #fff; color: #000; font-family: monospace; width: 4em;\" max=\"5\" min=\"1\" size=\"2\" type=\"number\"><\/div>\n<div style=\"display: table-cell; padding: 2px;\"><input id=\"nenes1\" style=\"background-color: #fff; color: #000; font-family: monospace; width: 4em;\" max=\"1\" min=\"0\" size=\"2\" type=\"number\"><\/div>\n<div id=\"edadnenes1_hab1_div\" style=\"display: table-cell; visibility: hidden; padding: 2px;\"><input id=\"edadnenes1_hab1\" style=\"background-color: #fff; color: #000; font-family: monospace; width: 4em;\" max=\"16\" min=\"0\" size=\"2\" type=\"number\"><\/div>\n<div id=\"edadnenes2_hab1_div\" style=\"display: table-cell; visibility: hidden; padding: 2px;\"><input id=\"edadnenes2_hab1\" style=\"background-color: #fff; color: #000; font-family: monospace; width: 4em;\" max=\"16\" min=\"0\" size=\"2\" type=\"number\"><\/div>\n<\/div>\n<div id=\"hab2_hab\" style=\"display: none;\">&nbsp;<\/div>\n<div id=\"hab2_labels\" style=\"display: none;\">\n<div style=\"display: table-cell; font-size: 15px;\">&nbsp;<\/div>\n<div style=\"display: table-cell; font-size: 14px;\">Adultos<\/div>\n<div style=\"display: table-cell; font-size: 14px;\">Ni\u00f1os<\/div>\n<div id=\"edadnenes1_hab2_label\" style=\"display: table-cell; visibility: hidden; font-size: 14px;\">Edad1<\/div>\n<div id=\"edadnenes2_hab2_label\" style=\"display: table-cell; visibility: hidden; font-size: 14px;\">Edad2<\/div>\n<\/div>\n<div id=\"hab2_frm\" style=\"display: none;\">\n<div style=\"display: table-cell; font-size: 15px;\"><strong>Habitaci\u00f3n 2:<\/strong><\/div>\n<div style=\"display: table-cell;\"><input id=\"adultos2\" style=\"background-color: #fff; color: #000; font-family: monospace; width: 4em;\" max=\"5\" min=\"1\" size=\"2\" type=\"number\"><\/div>\n<div style=\"display: table-cell; padding: 2px;\"><input id=\"nenes2\" style=\"background-color: #fff; color: #000; font-family: monospace; width: 4em;\" max=\"1\" min=\"0\" size=\"2\" type=\"number\"><\/div>\n<div id=\"edadnenes1_hab2_div\" style=\"display: table-cell; visibility: hidden; padding: 2px;\"><input id=\"edadnenes1_hab2\" style=\"background-color: #fff; color: #000; font-family: monospace; width: 4em;\" max=\"16\" min=\"0\" size=\"2\" type=\"number\"><\/div>\n<div id=\"edadnenes2_hab2_div\" style=\"display: table-cell; visibility: hidden; padding: 2px;\"><input id=\"edadnenes2_hab2\" style=\"background-color: #fff; color: #000; font-family: monospace; width: 4em;\" max=\"16\" min=\"0\" size=\"2\" type=\"number\"><\/div>\n<\/div>\n<div id=\"hab3_hab\" style=\"display: none;\">&nbsp;<\/div>\n<div id=\"hab3_labels\" style=\"display: none;\">\n<div style=\"display: table-cell; font-size: 15px;\">&nbsp;<\/div>\n<div style=\"display: table-cell; font-size: 14px;\">Adultos<\/div>\n<div style=\"display: table-cell; font-size: 14px;\">Ni\u00f1os<\/div>\n<div id=\"edadnenes1_hab3_label\" style=\"display: table-cell; visibility: hidden; font-size: 14px;\">Edad1<\/div>\n<div id=\"edadnenes2_hab3_label\" style=\"display: table-cell; visibility: hidden; font-size: 14px;\">Edad2<\/div>\n<\/div>\n<div id=\"hab3_frm\" style=\"display: none;\">\n<div style=\"display: table-cell; font-size: 15px;\"><strong>Habitaci\u00f3n 3:<\/strong><\/div>\n<div style=\"display: table-cell;\"><input id=\"adultos3\" style=\"background-color: #fff; color: #000; font-family: monospace; width: 4em;\" max=\"5\" min=\"1\" size=\"2\" type=\"number\"><\/div>\n<div style=\"display: table-cell; padding: 2px;\"><input id=\"nenes3\" style=\"background-color: #fff; color: #000; font-family: monospace; width: 4em;\" max=\"1\" min=\"0\" size=\"2\" type=\"number\"><\/div>\n<div id=\"edadnenes1_hab3_div\" style=\"display: table-cell; visibility: hidden; padding: 2px;\"><input id=\"edadnenes1_hab3\" style=\"background-color: #fff; color: #000; font-family: monospace; width: 4em;\" max=\"16\" min=\"0\" size=\"2\" type=\"number\"><\/div>\n<div id=\"edadnenes2_hab3_div\" style=\"display: table-cell; visibility: hidden; padding: 2px;\"><input id=\"edadnenes2_hab3\" style=\"background-color: #fff; color: #000; font-family: monospace; width: 4em;\" max=\"16\" min=\"0\" size=\"2\" type=\"number\"><\/div>\n<\/div>\n<\/div>\n<p><input style=\"margin-top: 10px; font-size: 24px;\" type=\"submit\" value=\"BUSCAR\"><\/p>\n<\/form>\n<\/div>\n\n\n\n<h2 class=\"wp-block-heading\">Tour durch Galizien auf die bequemste Art und Weise<\/h2>\n\n\n\n<p>Mit den kombinierten Aufenthalten, die wir Ihnen anbieten, k\u00f6nnen Sie die gesamte K\u00fcste Galiziens bestm\u00f6glich bereisen und in zwei Einrichtungen unserer Kette \u00fcbernachten. Vergessen Sie lange Reisen und genie\u00dfen Sie Ihren Urlaub bequem.<\/p>\n\n\n\n<p>Von mindestens 4 N\u00e4chten bis maximal 14 N\u00e4chten haben wir die besten Kombinationen in unseren Unterk\u00fcnften an der Costa da Morte und Sanxenxo entworfen.<\/p>\n\n\n\n<h2 class=\"has-text-align-center wp-block-heading\"><strong>So machen Sie die Reservierung<\/strong><\/h2>\n\n\n\n<p class=\"has-text-align-left\">Geben Sie die Daten Ihres Aufenthalts in das Formular auf dieser Seite ein und Sie erhalten alle kombinierten Pakete, die diesen Aufenthalt erf\u00fcllen (die Mindestanzahl an N\u00e4chten betr\u00e4gt 4 und die H\u00f6chstanzahl 14).<\/p>\n\n\n\n<h2 class=\"wp-block-heading\">Kombinierte Aufenthalte in Hotels<\/h2>\n\n\n\n<div class=\"wp-block-columns is-layout-flex wp-container-core-columns-is-layout-1 wp-block-columns-is-layout-flex\">\n<div class=\"wp-block-column is-layout-flow wp-block-column-is-layout-flow\">\n<div class=\"wp-block-group has-light-gray-background-color has-background\"><div class=\"wp-block-group__inner-container is-layout-flow wp-block-group-is-layout-flow\">\n<h6 class=\"wp-block-heading\"><span class=\"tadv-background-color\" style=\"background-color:#f5f5f5\">HOTEL IN FINISTERRE + HOTEL IN SANXENXO<\/span><\/h6>\n\n\n\n<p class=\"has-text-align-center\"><a href=\"https:\/\/vidahoteles.com\/hotel-vida-finisterre-centro\/\">Hotel VIDA Finisterre Centro<\/a> + <a href=\"https:\/\/vidahoteles.com\/hotel-vida-ostra-marina\/\">Hotel VIDA Ostra Marina<\/a><\/p>\n\n\n\n<figure class=\"wp-block-image size-large\"><img fetchpriority=\"high\" decoding=\"async\" width=\"1024\" height=\"576\" src=\"https:\/\/vidahoteles.com\/wp-content\/uploads\/2021\/03\/Estancias-Combinadas-11-1024x576.jpg\" alt=\"\" class=\"wp-image-6636\" srcset=\"https:\/\/vidahoteles.com\/wp-content\/uploads\/2021\/03\/Estancias-Combinadas-11-1024x576.jpg 1024w, https:\/\/vidahoteles.com\/wp-content\/uploads\/2021\/03\/Estancias-Combinadas-11-300x169.jpg 300w, https:\/\/vidahoteles.com\/wp-content\/uploads\/2021\/03\/Estancias-Combinadas-11-768x432.jpg 768w, https:\/\/vidahoteles.com\/wp-content\/uploads\/2021\/03\/Estancias-Combinadas-11.jpg 1152w\" sizes=\"(max-width: 1024px) 100vw, 1024px\" \/><\/figure>\n<\/div><\/div>\n\n\n<\/div>\n\n\n\n<div class=\"wp-block-column is-layout-flow wp-block-column-is-layout-flow\">\n<div class=\"wp-block-group has-light-gray-background-color has-background\"><div class=\"wp-block-group__inner-container is-layout-flow wp-block-group-is-layout-flow\">\n<h6 class=\"wp-block-heading\">HOTEL IN LAXE + HOTEL IN SANXENXO<\/h6>\n\n\n\n<p class=\"has-text-align-center\"><a href=\"https:\/\/vidahoteles.com\/hotel-vida-mardelaxe\/\">Hotel VIDA Mar de Laxe<\/a> + <a href=\"https:\/\/vidahoteles.com\/hotel-vida-playa-paxarinas\/\">Hotel VIDA Paxari\u00f1as<\/a><\/p>\n\n\n\n<figure class=\"wp-block-image size-large\"><img decoding=\"async\" width=\"1024\" height=\"576\" src=\"https:\/\/vidahoteles.com\/wp-content\/uploads\/2021\/03\/Estancias-Combinadas-12-1024x576.jpg\" alt=\"\" class=\"wp-image-6640\" srcset=\"https:\/\/vidahoteles.com\/wp-content\/uploads\/2021\/03\/Estancias-Combinadas-12-1024x576.jpg 1024w, https:\/\/vidahoteles.com\/wp-content\/uploads\/2021\/03\/Estancias-Combinadas-12-300x169.jpg 300w, https:\/\/vidahoteles.com\/wp-content\/uploads\/2021\/03\/Estancias-Combinadas-12-768x432.jpg 768w, https:\/\/vidahoteles.com\/wp-content\/uploads\/2021\/03\/Estancias-Combinadas-12.jpg 1152w\" sizes=\"(max-width: 1024px) 100vw, 1024px\" \/><\/figure>\n<\/div><\/div>\n\n\n<\/div>\n<\/div>\n\n\n\n<h2 class=\"wp-block-heading\">Estancias Combinadas en Apartamentos<\/h2>\n\n\n\n<div class=\"wp-block-columns is-layout-flex wp-container-core-columns-is-layout-2 wp-block-columns-is-layout-flex\">\n<div class=\"wp-block-column is-layout-flow wp-block-column-is-layout-flow\">\n<div class=\"wp-block-group has-light-gray-background-color has-background\"><div class=\"wp-block-group__inner-container is-layout-flow wp-block-group-is-layout-flow\">\n<h6 class=\"wp-block-heading\"><strong><strong>FERIENWOHNUNGEN IN<\/strong> CORCUBION + <strong>FERIENWOHNUNGEN IN<\/strong> SANXENXO<\/strong><\/h6>\n\n\n\n<p class=\"has-text-align-center\"><a href=\"https:\/\/vidahoteles.com\/hotel-vida-mardelaxe\/\"><\/a><a href=\"https:\/\/vidahoteles.com\/de\/ferienwohnungen-vida-corcubion\/\">Apartamentos VIDA Corcubi\u00f3n<\/a> + <a href=\"https:\/\/vidahoteles.com\/de\/ferienwohnungen-vida-sanxenxo\/\">Apartamentos VIDA Sanxenxo<\/a><\/p>\n\n\n\n<figure class=\"wp-block-image size-large\"><img decoding=\"async\" width=\"1024\" height=\"576\" src=\"https:\/\/vidahoteles.com\/wp-content\/uploads\/2021\/03\/Estancias-Combinadas-14-1024x576.jpg\" alt=\"\" class=\"wp-image-6648\" srcset=\"https:\/\/vidahoteles.com\/wp-content\/uploads\/2021\/03\/Estancias-Combinadas-14-1024x576.jpg 1024w, https:\/\/vidahoteles.com\/wp-content\/uploads\/2021\/03\/Estancias-Combinadas-14-300x169.jpg 300w, https:\/\/vidahoteles.com\/wp-content\/uploads\/2021\/03\/Estancias-Combinadas-14-768x432.jpg 768w, https:\/\/vidahoteles.com\/wp-content\/uploads\/2021\/03\/Estancias-Combinadas-14.jpg 1152w\" sizes=\"(max-width: 1024px) 100vw, 1024px\" \/><\/figure>\n<\/div><\/div>\n\n\n<\/div>\n\n\n\n<div class=\"wp-block-column is-layout-flow wp-block-column-is-layout-flow\">\n<div class=\"wp-block-group has-light-gray-background-color has-background\"><div class=\"wp-block-group__inner-container is-layout-flow wp-block-group-is-layout-flow\">\n<h6 class=\"wp-block-heading\"><strong><strong><strong><strong>FERIENWOHNUNGEN IN<\/strong> FINISTERRE + <strong>FERIENWOHNUNGEN IN<\/strong> SANXENXO<\/strong><\/strong><\/strong><\/h6>\n\n\n\n<p class=\"has-text-align-center\"><a href=\"https:\/\/vidahoteles.com\/hotel-vida-mardelaxe\/\"><\/a><a href=\"https:\/\/vidahoteles.com\/apartamentos-vida-corcubion\/\"><\/a><a href=\"https:\/\/vidahoteles.com\/de\/ferienwohnungen-vida-finisterre\/\">Apartamentos VIDA Finisterre<\/a> + <a href=\"https:\/\/vidahoteles.com\/de\/ferienwohnungen-vida-versus\/\">Apartamentos VIDA Versus<\/a><\/p>\n\n\n\n<figure class=\"wp-block-image size-large\"><img loading=\"lazy\" decoding=\"async\" width=\"1024\" height=\"576\" src=\"https:\/\/vidahoteles.com\/wp-content\/uploads\/2021\/03\/Estancias-Combinadas-15-1024x576.jpg\" alt=\"\" class=\"wp-image-6652\" srcset=\"https:\/\/vidahoteles.com\/wp-content\/uploads\/2021\/03\/Estancias-Combinadas-15-1024x576.jpg 1024w, https:\/\/vidahoteles.com\/wp-content\/uploads\/2021\/03\/Estancias-Combinadas-15-300x169.jpg 300w, https:\/\/vidahoteles.com\/wp-content\/uploads\/2021\/03\/Estancias-Combinadas-15-768x432.jpg 768w, https:\/\/vidahoteles.com\/wp-content\/uploads\/2021\/03\/Estancias-Combinadas-15.jpg 1152w\" sizes=\"(max-width: 1024px) 100vw, 1024px\" \/><\/figure>\n<\/div><\/div>\n<\/div>\n<\/div>\n<div class=\"gsp_post_data\" \r\n\t            data-post_type=\"page\" \r\n\t            data-cat=\"\" \r\n\t            data-modified=\"120\"\r\n\t            data-created=\"1617376008\"\r\n\t            data-title=\"Kombinierte Aufenthalte in Galizien\" \r\n\t            data-home=\"https:\/\/vidahoteles.com\/de\/\"><\/div>","protected":false},"excerpt":{"rendered":"<p>Tour durch Galizien auf die bequemste Art und Weise Mit den kombinierten Aufenthalten, die wir Ihnen anbieten, k\u00f6nnen Sie die [&hellip;]<\/p>\n","protected":false},"author":2,"featured_media":7175,"parent":0,"menu_order":510,"comment_status":"closed","ping_status":"closed","template":"","meta":{"site-sidebar-layout":"default","site-content-layout":"","ast-site-content-layout":"default","site-content-style":"default","site-sidebar-style":"default","ast-global-header-display":"","ast-banner-title-visibility":"","ast-main-header-display":"","ast-hfb-above-header-display":"","ast-hfb-below-header-display":"","ast-hfb-mobile-header-display":"","site-post-title":"","ast-breadcrumbs-content":"","ast-featured-img":"","footer-sml-layout":"","ast-disable-related-posts":"","theme-transparent-header-meta":"","adv-header-id-meta":"","stick-header-meta":"","header-above-stick-meta":"","header-main-stick-meta":"","header-below-stick-meta":"","astra-migrate-meta-layouts":"default","ast-page-background-enabled":"default","ast-page-background-meta":{"desktop":{"background-color":"var(--ast-global-color-4)","background-image":"","background-repeat":"repeat","background-position":"center center","background-size":"auto","background-attachment":"scroll","background-type":"","background-media":"","overlay-type":"","overlay-color":"","overlay-opacity":"","overlay-gradient":""},"tablet":{"background-color":"","background-image":"","background-repeat":"repeat","background-position":"center center","background-size":"auto","background-attachment":"scroll","background-type":"","background-media":"","overlay-type":"","overlay-color":"","overlay-opacity":"","overlay-gradient":""},"mobile":{"background-color":"","background-image":"","background-repeat":"repeat","background-position":"center center","background-size":"auto","background-attachment":"scroll","background-type":"","background-media":"","overlay-type":"","overlay-color":"","overlay-opacity":"","overlay-gradient":""}},"ast-content-background-meta":{"desktop":{"background-color":"var(--ast-global-color-5)","background-image":"","background-repeat":"repeat","background-position":"center center","background-size":"auto","background-attachment":"scroll","background-type":"","background-media":"","overlay-type":"","overlay-color":"","overlay-opacity":"","overlay-gradient":""},"tablet":{"background-color":"var(--ast-global-color-5)","background-image":"","background-repeat":"repeat","background-position":"center center","background-size":"auto","background-attachment":"scroll","background-type":"","background-media":"","overlay-type":"","overlay-color":"","overlay-opacity":"","overlay-gradient":""},"mobile":{"background-color":"var(--ast-global-color-5)","background-image":"","background-repeat":"repeat","background-position":"center center","background-size":"auto","background-attachment":"scroll","background-type":"","background-media":"","overlay-type":"","overlay-color":"","overlay-opacity":"","overlay-gradient":""}},"ngg_post_thumbnail":0,"_jet_sm_ready_style":"","_jet_sm_style":"","_jet_sm_controls_values":"","_jet_sm_fonts_collection":"","_jet_sm_fonts_links":"","footnotes":""},"class_list":["post-7111","page","type-page","status-publish","has-post-thumbnail","hentry"],"yoast_head":"<!-- This site is optimized with the Yoast SEO plugin v24.8.1 - https:\/\/yoast.com\/wordpress\/plugins\/seo\/ -->\n<title>Kombinierte Aufenthalte in Galizien - Vida Hoteles &amp; Apartamentos<\/title>\n<meta name=\"robots\" content=\"index, follow, max-snippet:-1, max-image-preview:large, max-video-preview:-1\" \/>\n<link rel=\"canonical\" href=\"https:\/\/vidahoteles.com\/estancias-combinadas-en-galicia\/\" \/>\n<meta property=\"og:locale\" content=\"de_DE\" \/>\n<meta property=\"og:type\" content=\"article\" \/>\n<meta property=\"og:title\" content=\"Kombinierte Aufenthalte in Galizien - Vida Hoteles &amp; Apartamentos\" \/>\n<meta property=\"og:description\" content=\"Tour durch Galizien auf die bequemste Art und Weise Mit den kombinierten Aufenthalten, die wir Ihnen anbieten, k\u00f6nnen Sie die [&hellip;]\" \/>\n<meta property=\"og:url\" content=\"https:\/\/vidahoteles.com\/estancias-combinadas-en-galicia\/\" \/>\n<meta property=\"og:site_name\" content=\"Vida Hoteles &amp; Apartamentos\" \/>\n<meta property=\"article:modified_time\" content=\"2021-05-31T16:54:59+00:00\" \/>\n<meta property=\"og:image\" content=\"https:\/\/vidahoteles.com\/wp-content\/uploads\/2021\/03\/Estancias-Combinadas-3.jpg\" \/>\n\t<meta property=\"og:image:width\" content=\"1152\" \/>\n\t<meta property=\"og:image:height\" content=\"648\" \/>\n\t<meta property=\"og:image:type\" content=\"image\/jpeg\" \/>\n<meta name=\"twitter:label1\" content=\"Gesch\u00e4tzte Lesezeit\" \/>\n\t<meta name=\"twitter:data1\" content=\"2\u00a0Minuten\" \/>\n<script type=\"application\/ld+json\" class=\"yoast-schema-graph\">{\"@context\":\"https:\/\/schema.org\",\"@graph\":[{\"@type\":\"WebPage\",\"@id\":\"https:\/\/vidahoteles.com\/estancias-combinadas-en-galicia\/\",\"url\":\"https:\/\/vidahoteles.com\/estancias-combinadas-en-galicia\/\",\"name\":\"Kombinierte Aufenthalte in Galizien - Vida Hoteles &amp; Apartamentos\",\"isPartOf\":{\"@id\":\"https:\/\/vidahoteles.com\/#website\"},\"primaryImageOfPage\":{\"@id\":\"https:\/\/vidahoteles.com\/estancias-combinadas-en-galicia\/#primaryimage\"},\"image\":{\"@id\":\"https:\/\/vidahoteles.com\/estancias-combinadas-en-galicia\/#primaryimage\"},\"thumbnailUrl\":\"https:\/\/vidahoteles.com\/wp-content\/uploads\/2021\/03\/Estancias-Combinadas-3.jpg\",\"datePublished\":\"2021-04-02T15:06:48+00:00\",\"dateModified\":\"2021-05-31T16:54:59+00:00\",\"breadcrumb\":{\"@id\":\"https:\/\/vidahoteles.com\/estancias-combinadas-en-galicia\/#breadcrumb\"},\"inLanguage\":\"de\",\"potentialAction\":[{\"@type\":\"ReadAction\",\"target\":[\"https:\/\/vidahoteles.com\/estancias-combinadas-en-galicia\/\"]}]},{\"@type\":\"ImageObject\",\"inLanguage\":\"de\",\"@id\":\"https:\/\/vidahoteles.com\/estancias-combinadas-en-galicia\/#primaryimage\",\"url\":\"https:\/\/vidahoteles.com\/wp-content\/uploads\/2021\/03\/Estancias-Combinadas-3.jpg\",\"contentUrl\":\"https:\/\/vidahoteles.com\/wp-content\/uploads\/2021\/03\/Estancias-Combinadas-3.jpg\",\"width\":1152,\"height\":648},{\"@type\":\"BreadcrumbList\",\"@id\":\"https:\/\/vidahoteles.com\/estancias-combinadas-en-galicia\/#breadcrumb\",\"itemListElement\":[{\"@type\":\"ListItem\",\"position\":1,\"name\":\"Portada\",\"item\":\"https:\/\/vidahoteles.com\/de\/\"},{\"@type\":\"ListItem\",\"position\":2,\"name\":\"Kombinierte Aufenthalte in Galizien\"}]},{\"@type\":\"WebSite\",\"@id\":\"https:\/\/vidahoteles.com\/#website\",\"url\":\"https:\/\/vidahoteles.com\/\",\"name\":\"Vida Hoteles &amp; Apartamentos\",\"description\":\"La cadena hotelera de A Costa da Morte (Galicia)\",\"potentialAction\":[{\"@type\":\"SearchAction\",\"target\":{\"@type\":\"EntryPoint\",\"urlTemplate\":\"https:\/\/vidahoteles.com\/?s={search_term_string}\"},\"query-input\":{\"@type\":\"PropertyValueSpecification\",\"valueRequired\":true,\"valueName\":\"search_term_string\"}}],\"inLanguage\":\"de\"}]}<\/script>\n<!-- \/ Yoast SEO plugin. -->","yoast_head_json":{"title":"Kombinierte Aufenthalte in Galizien - Vida Hoteles &amp; Apartamentos","robots":{"index":"index","follow":"follow","max-snippet":"max-snippet:-1","max-image-preview":"max-image-preview:large","max-video-preview":"max-video-preview:-1"},"canonical":"https:\/\/vidahoteles.com\/estancias-combinadas-en-galicia\/","og_locale":"de_DE","og_type":"article","og_title":"Kombinierte Aufenthalte in Galizien - Vida Hoteles &amp; Apartamentos","og_description":"Tour durch Galizien auf die bequemste Art und Weise Mit den kombinierten Aufenthalten, die wir Ihnen anbieten, k\u00f6nnen Sie die [&hellip;]","og_url":"https:\/\/vidahoteles.com\/estancias-combinadas-en-galicia\/","og_site_name":"Vida Hoteles &amp; Apartamentos","article_modified_time":"2021-05-31T16:54:59+00:00","og_image":[{"width":1152,"height":648,"url":"https:\/\/vidahoteles.com\/wp-content\/uploads\/2021\/03\/Estancias-Combinadas-3.jpg","type":"image\/jpeg"}],"twitter_misc":{"Gesch\u00e4tzte Lesezeit":"2\u00a0Minuten"},"schema":{"@context":"https:\/\/schema.org","@graph":[{"@type":"WebPage","@id":"https:\/\/vidahoteles.com\/estancias-combinadas-en-galicia\/","url":"https:\/\/vidahoteles.com\/estancias-combinadas-en-galicia\/","name":"Kombinierte Aufenthalte in Galizien - Vida Hoteles &amp; Apartamentos","isPartOf":{"@id":"https:\/\/vidahoteles.com\/#website"},"primaryImageOfPage":{"@id":"https:\/\/vidahoteles.com\/estancias-combinadas-en-galicia\/#primaryimage"},"image":{"@id":"https:\/\/vidahoteles.com\/estancias-combinadas-en-galicia\/#primaryimage"},"thumbnailUrl":"https:\/\/vidahoteles.com\/wp-content\/uploads\/2021\/03\/Estancias-Combinadas-3.jpg","datePublished":"2021-04-02T15:06:48+00:00","dateModified":"2021-05-31T16:54:59+00:00","breadcrumb":{"@id":"https:\/\/vidahoteles.com\/estancias-combinadas-en-galicia\/#breadcrumb"},"inLanguage":"de","potentialAction":[{"@type":"ReadAction","target":["https:\/\/vidahoteles.com\/estancias-combinadas-en-galicia\/"]}]},{"@type":"ImageObject","inLanguage":"de","@id":"https:\/\/vidahoteles.com\/estancias-combinadas-en-galicia\/#primaryimage","url":"https:\/\/vidahoteles.com\/wp-content\/uploads\/2021\/03\/Estancias-Combinadas-3.jpg","contentUrl":"https:\/\/vidahoteles.com\/wp-content\/uploads\/2021\/03\/Estancias-Combinadas-3.jpg","width":1152,"height":648},{"@type":"BreadcrumbList","@id":"https:\/\/vidahoteles.com\/estancias-combinadas-en-galicia\/#breadcrumb","itemListElement":[{"@type":"ListItem","position":1,"name":"Portada","item":"https:\/\/vidahoteles.com\/de\/"},{"@type":"ListItem","position":2,"name":"Kombinierte Aufenthalte in Galizien"}]},{"@type":"WebSite","@id":"https:\/\/vidahoteles.com\/#website","url":"https:\/\/vidahoteles.com\/","name":"Vida Hoteles &amp; Apartamentos","description":"La cadena hotelera de A Costa da Morte (Galicia)","potentialAction":[{"@type":"SearchAction","target":{"@type":"EntryPoint","urlTemplate":"https:\/\/vidahoteles.com\/?s={search_term_string}"},"query-input":{"@type":"PropertyValueSpecification","valueRequired":true,"valueName":"search_term_string"}}],"inLanguage":"de"}]}},"_links":{"self":[{"href":"https:\/\/vidahoteles.com\/de\/wp-json\/wp\/v2\/pages\/7111","targetHints":{"allow":["GET"]}}],"collection":[{"href":"https:\/\/vidahoteles.com\/de\/wp-json\/wp\/v2\/pages"}],"about":[{"href":"https:\/\/vidahoteles.com\/de\/wp-json\/wp\/v2\/types\/page"}],"author":[{"embeddable":true,"href":"https:\/\/vidahoteles.com\/de\/wp-json\/wp\/v2\/users\/2"}],"replies":[{"embeddable":true,"href":"https:\/\/vidahoteles.com\/de\/wp-json\/wp\/v2\/comments?post=7111"}],"version-history":[{"count":3,"href":"https:\/\/vidahoteles.com\/de\/wp-json\/wp\/v2\/pages\/7111\/revisions"}],"predecessor-version":[{"id":8129,"href":"https:\/\/vidahoteles.com\/de\/wp-json\/wp\/v2\/pages\/7111\/revisions\/8129"}],"wp:featuredmedia":[{"embeddable":true,"href":"https:\/\/vidahoteles.com\/de\/wp-json\/wp\/v2\/media\/7175"}],"wp:attachment":[{"href":"https:\/\/vidahoteles.com\/de\/wp-json\/wp\/v2\/media?parent=7111"}],"curies":[{"name":"wp","href":"https:\/\/api.w.org\/{rel}","templated":true}]}}