{"id":6859,"date":"2021-03-12T18:23:07","date_gmt":"2021-03-12T18:23:07","guid":{"rendered":"https:\/\/vidahoteles.com\/?page_id=6859"},"modified":"2021-05-31T16:53:28","modified_gmt":"2021-05-31T16:53:28","slug":"sejours-combines-en-galice","status":"publish","type":"page","link":"https:\/\/vidahoteles.com\/fr\/sejours-combines-en-galice\/","title":{"rendered":"S\u00e9jours Combin\u00e9s en Galice"},"content":{"rendered":"<p><script type=\"text\/javascript\">\n\t$(document).ready(function(){ \n\t\t$.datepicker.regional[\"fr\"] = {\n\t\t\tcloseText: \"Fermer\",\n\t\t\tprevText: \"Pr\u00e9\",\n\t\t\tnextText: \"Next\",\n\t\t\tcurrentText: \"Aujourd'hui\",\n\t\t\tmonthNames: [ \"Janvier\",\"F\u00e9vrier\",\"Mars\",\"Avril\",\"Mai\",\"Juin\",\"Juillet\",\"Ao\u00fbt\",\"Septembre\",\"Octobre\",\"Novembre\",\"D\u00e9cembre\" ],\n\t\t\tmonthNamesShort: [ \"jan\",\"fev\",\"mar\",\"avr\",\"mai\",\"jun\",\"jul\",\"aou\",\"sep\",\"oct\",\"nov\",\"dec\" ],\n\t\t\tdayNames: [ \"dimanche\",\"lundi\",\"mardi\",\"mercredi\",\"jeudi\",\"vendredi\",\"samedi\" ],\n\t\t\tdayNamesShort: [ \"dim\",\"lun\",\"mar\",\"mer\",\"jeu\",\"ven\",\"sam\" ],\n\t\t\tdayNamesMin: [ \"D\",\"L\",\"M\",\"M\",\"J\",\"V\",\"S\" ],\n\t\t\tweekHeader: \"Sm\",\n\t\t\tdateFormat: \"dd\/mm\/yy\",\n\t\t\tfirstDay: 1,\n\t\t\tisRTL: false,\n\t\t\tshowMonthAfterYear: false,\n\t\t\tyearSuffix: \"\" \n\t\t};\n$.datepicker.setDefaults( $.datepicker.regional[ \"fr\" ] );\n\t});\n<\/script><\/p>\n<div style=\"background-color: #dddddd; padding: 2px; text-align: center;\">\n<form id=\"bookform\" action=\"https:\/\/vidahoteles.com\/fr\/reservas\/\" method=\"get\"><input name=\"fullintegration\" type=\"hidden\" value=\"1\"><input name=\"fitparent\" type=\"hidden\" value=\"1\"><input name=\"vscroll\" type=\"hidden\" value=\"1\"><input id=\"skin\" name=\"skin\" type=\"hidden\" value=\"vidahotpax\"><input name=\"idiomaid\" type=\"hidden\" value=\"fr\"><input id=\"channelkey\" name=\"channelkey\" type=\"hidden\" value=\"BAFEEEF3-D0F0-2874-E053-0100007F4441\"><span style=\"font-size: 20px;\"><strong>R\u00c9SERVATION EN LIGNE (MEILLEUR PRIX GARANTI)<\/strong><\/span><br \/>\n<span style=\"font-size: 17px;\"><strong>Check-In:<\/strong><\/span><input id=\"desde\" style=\"background-color: #fff; color: #000;\" name=\"desde\" readonly=\"readonly\" size=\"8\" type=\"text\"><span style=\"font-size: 17px;\">&nbsp;&nbsp;&nbsp;<strong>Check-Out:<\/strong><\/span><input id=\"hasta\" style=\"background-color: #fff; color: #000;\" name=\"hasta\" readonly=\"readonly\" size=\"8\" type=\"text\"><span style=\"font-size: 17px;\"><strong> N\u00ba Chambres: <\/strong><\/span><select id=\"numhab\" style=\"font-size: 15px;\" name=\"numhab\"><option selected=\"selected\" value=\"1\">1<\/option><option value=\"2\">2<\/option><option value=\"3\">3<\/option><\/select><input name=\"adultos\" type=\"hidden\"><input name=\"nenes\" type=\"hidden\"><input name=\"edadnenes\" type=\"hidden\"><\/p>\n<div id=\"habs\" style=\"display: table;\">\n<div id=\"hab1_hab\" style=\"display: table-row;\">&nbsp;<\/div>\n<div id=\"hab1_labels\" style=\"display: table-row;\">\n<div style=\"display: table-cell; font-size: 15px;\">&nbsp;<\/div>\n<div style=\"display: table-cell; font-size: 14px;\">Adultes<\/div>\n<div style=\"display: table-cell; font-size: 14px;\">Enfants<\/div>\n<div id=\"edadnenes1_hab1_label\" style=\"display: table-cell; visibility: hidden; font-size: 14px;\">Enf 1<\/div>\n<div id=\"edadnenes2_hab1_label\" style=\"display: table-cell; visibility: hidden; font-size: 14px;\">Enf 2<\/div>\n<\/div>\n<div id=\"hab1_frm\" style=\"display: table-row;\">\n<div style=\"display: table-cell; font-size: 15px;\"><strong>Chambre 1:<\/strong><\/div>\n<div style=\"display: table-cell;\"><input id=\"adultos1\" style=\"background-color: #fff; color: #000; font-family: monospace; width: 4em;\" max=\"3\" min=\"1\" size=\"2\" type=\"number\"><\/div>\n<div style=\"display: table-cell; padding: 2px;\"><input id=\"nenes1\" style=\"background-color: #fff; color: #000; font-family: monospace; width: 4em;\" max=\"1\" min=\"0\" size=\"2\" type=\"number\"><\/div>\n<div id=\"edadnenes1_hab1_div\" style=\"display: table-cell; visibility: hidden; padding: 2px;\"><input id=\"edadnenes1_hab1\" style=\"background-color: #fff; color: #000; font-family: monospace; width: 4em;\" max=\"16\" min=\"0\" size=\"2\" type=\"number\"><\/div>\n<div id=\"edadnenes2_hab1_div\" style=\"display: table-cell; visibility: hidden; padding: 2px;\"><input id=\"edadnenes2_hab1\" style=\"background-color: #fff; color: #000; font-family: monospace; width: 4em;\" max=\"16\" min=\"0\" size=\"2\" type=\"number\"><\/div>\n<\/div>\n<div id=\"hab2_hab\" style=\"display: none;\">&nbsp;<\/div>\n<div id=\"hab2_labels\" style=\"display: none;\">\n<div style=\"display: table-cell; font-size: 15px;\">&nbsp;<\/div>\n<div style=\"display: table-cell; font-size: 14px;\">Adultes<\/div>\n<div style=\"display: table-cell; font-size: 14px;\">Enfants<\/div>\n<div id=\"edadnenes1_hab2_label\" style=\"display: table-cell; visibility: hidden; font-size: 14px;\">Enf 1<\/div>\n<div id=\"edadnenes2_hab2_label\" style=\"display: table-cell; visibility: hidden; font-size: 14px;\">Enf 2<\/div>\n<\/div>\n<div id=\"hab2_frm\" style=\"display: none;\">\n<div style=\"display: table-cell; font-size: 15px;\"><strong>Chambre 2:<\/strong><\/div>\n<div style=\"display: table-cell;\"><input id=\"adultos2\" style=\"background-color: #fff; color: #000; font-family: monospace; width: 4em;\" max=\"3\" min=\"1\" size=\"2\" type=\"number\"><\/div>\n<div style=\"display: table-cell; padding: 2px;\"><input id=\"nenes2\" style=\"background-color: #fff; color: #000; font-family: monospace; width: 4em;\" max=\"1\" min=\"0\" size=\"2\" type=\"number\"><\/div>\n<div id=\"edadnenes1_hab2_div\" style=\"display: table-cell; visibility: hidden; padding: 2px;\"><input id=\"edadnenes1_hab2\" style=\"background-color: #fff; color: #000; font-family: monospace; width: 4em;\" max=\"16\" min=\"0\" size=\"2\" type=\"number\"><\/div>\n<div id=\"edadnenes2_hab2_div\" style=\"display: table-cell; visibility: hidden; padding: 2px;\"><input id=\"edadnenes2_hab2\" style=\"background-color: #fff; color: #000; font-family: monospace; width: 4em;\" max=\"16\" min=\"0\" size=\"2\" type=\"number\"><\/div>\n<\/div>\n<div id=\"hab3_hab\" style=\"display: none;\">&nbsp;<\/div>\n<div id=\"hab3_labels\" style=\"display: none;\">\n<div style=\"display: table-cell; font-size: 15px;\">&nbsp;<\/div>\n<div style=\"display: table-cell; font-size: 14px;\">Adultes<\/div>\n<div style=\"display: table-cell; font-size: 14px;\">Enfants<\/div>\n<div id=\"edadnenes1_hab3_label\" style=\"display: table-cell; visibility: hidden; font-size: 14px;\">Enf 1<\/div>\n<div id=\"edadnenes2_hab3_label\" style=\"display: table-cell; visibility: hidden; font-size: 14px;\">Enf 2<\/div>\n<\/div>\n<div id=\"hab3_frm\" style=\"display: none;\">\n<div style=\"display: table-cell; font-size: 15px;\"><strong>Chambre 3:<\/strong><\/div>\n<div style=\"display: table-cell;\"><input id=\"adultos3\" style=\"background-color: #fff; color: #000; font-family: monospace; width: 4em;\" max=\"3\" min=\"1\" size=\"2\" type=\"number\"><\/div>\n<div style=\"display: table-cell; padding: 2px;\"><input id=\"nenes3\" style=\"background-color: #fff; color: #000; font-family: monospace; width: 4em;\" max=\"1\" min=\"0\" size=\"2\" type=\"number\"><\/div>\n<div id=\"edadnenes1_hab3_div\" style=\"display: table-cell; visibility: hidden; padding: 2px;\"><input id=\"edadnenes1_hab3\" style=\"background-color: #fff; color: #000; font-family: monospace; width: 4em;\" max=\"16\" min=\"0\" size=\"2\" type=\"number\"><\/div>\n<div id=\"edadnenes2_hab3_div\" style=\"display: table-cell; visibility: hidden; padding: 2px;\"><input id=\"edadnenes2_hab3\" style=\"background-color: #fff; color: #000; font-family: monospace; width: 4em;\" max=\"16\" min=\"0\" size=\"2\" type=\"number\"><\/div>\n<\/div>\n<\/div>\n<p><input style=\"margin-top: 10px; font-size: 24px;\" type=\"submit\" value=\"CHERCHER\"><\/p>\n<\/form>\n<\/div>\n\n\n\n<h2 class=\"wp-block-heading\">Tour de la Galice de la mani\u00e8re la plus confortable<\/h2>\n\n\n\n<p>Avec les s\u00e9jours combin\u00e9s que nous vous proposons, vous pourrez parcourir toute la c\u00f4te de Galice de la meilleure fa\u00e7on possible, en s\u00e9journant dans deux \u00e9tablissements de notre cha\u00eene. Oubliez les longs voyages et profitez confortablement de vos vacances.<\/p>\n\n\n\n<p>D&rsquo;un minimum de 4 nuits \u00e0 un maximum de 14 nuits, nous avons con\u00e7u les meilleures combinaisons dans nos h\u00e9bergements sur la Costa da Morte et Sanxenxo.<\/p>\n\n\n\n<h2 class=\"has-text-align-center wp-block-heading\"><strong>Faire la r\u00e9servation<\/strong><\/h2>\n\n\n\n<p class=\"has-text-align-left\">Entrez les dates de votre s\u00e9jour dans le formulaire sur cette page et vous obtiendrez tous les forfaits combin\u00e9s qui correspondent \u00e0 ce s\u00e9jour (le nombre minimum de nuits est de 4 et le maximum est de 14).<\/p>\n\n\n\n<h2 class=\"wp-block-heading\">S\u00e9jours combin\u00e9s dans les h\u00f4tels<\/h2>\n\n\n\n<div class=\"wp-block-columns is-layout-flex wp-container-core-columns-is-layout-1 wp-block-columns-is-layout-flex\">\n<div class=\"wp-block-column is-layout-flow wp-block-column-is-layout-flow\">\n<div class=\"wp-block-group has-light-gray-background-color has-background\"><div class=\"wp-block-group__inner-container is-layout-flow wp-block-group-is-layout-flow\">\n<h6 class=\"wp-block-heading\"><span style=\"background-color:#f5f5f5\" class=\"tadv-background-color\">H\u00d4TEL \u00c0 FINISTERRE + H\u00d4TEL \u00c0 SANXENXO<\/span><\/h6>\n\n\n\n<p class=\"has-text-align-center\"><a href=\"https:\/\/vidahoteles.com\/fr\/hotel-vida-finisterre-centro\/\">H\u00f4tel VIDA Finisterre Centro<\/a> + <a href=\"https:\/\/vidahoteles.com\/fr\/hotel-vida-ostra-marina\/\">H\u00f4tel VIDA Ostra Marina<\/a><\/p>\n\n\n\n<figure class=\"wp-block-image size-large\"><img fetchpriority=\"high\" decoding=\"async\" width=\"1024\" height=\"576\" src=\"https:\/\/vidahoteles.com\/wp-content\/uploads\/2021\/03\/Estancias-Combinadas-11-1024x576.jpg\" alt=\"\" class=\"wp-image-6636\" srcset=\"https:\/\/vidahoteles.com\/wp-content\/uploads\/2021\/03\/Estancias-Combinadas-11-1024x576.jpg 1024w, https:\/\/vidahoteles.com\/wp-content\/uploads\/2021\/03\/Estancias-Combinadas-11-300x169.jpg 300w, https:\/\/vidahoteles.com\/wp-content\/uploads\/2021\/03\/Estancias-Combinadas-11-768x432.jpg 768w, https:\/\/vidahoteles.com\/wp-content\/uploads\/2021\/03\/Estancias-Combinadas-11.jpg 1152w\" sizes=\"(max-width: 1024px) 100vw, 1024px\" \/><\/figure>\n<\/div><\/div>\n\n\n<\/div>\n\n\n\n<div class=\"wp-block-column is-layout-flow wp-block-column-is-layout-flow\">\n<div class=\"wp-block-group has-light-gray-background-color has-background\"><div class=\"wp-block-group__inner-container is-layout-flow wp-block-group-is-layout-flow\">\n<h6 class=\"wp-block-heading\"><strong>H\u00d4TEL \u00c0<\/strong> LAXE + <strong>H\u00d4TEL \u00c0<\/strong> SANXENXO<\/h6>\n\n\n\n<p class=\"has-text-align-center\"><a href=\"https:\/\/vidahoteles.com\/fr\/hotel-vida-mardelaxe\/\">H\u00f4tel VIDA Mar de Laxe <\/a>+ <a href=\"https:\/\/vidahoteles.com\/fr\/hotel-vida-playa-paxarinas\/\">H\u00f4tel VIDA Paxari\u00f1as<\/a><\/p>\n\n\n\n<figure class=\"wp-block-image size-large\"><img decoding=\"async\" width=\"1024\" height=\"576\" src=\"https:\/\/vidahoteles.com\/wp-content\/uploads\/2021\/03\/Estancias-Combinadas-12-1024x576.jpg\" alt=\"\" class=\"wp-image-6640\" srcset=\"https:\/\/vidahoteles.com\/wp-content\/uploads\/2021\/03\/Estancias-Combinadas-12-1024x576.jpg 1024w, https:\/\/vidahoteles.com\/wp-content\/uploads\/2021\/03\/Estancias-Combinadas-12-300x169.jpg 300w, https:\/\/vidahoteles.com\/wp-content\/uploads\/2021\/03\/Estancias-Combinadas-12-768x432.jpg 768w, https:\/\/vidahoteles.com\/wp-content\/uploads\/2021\/03\/Estancias-Combinadas-12.jpg 1152w\" sizes=\"(max-width: 1024px) 100vw, 1024px\" \/><\/figure>\n<\/div><\/div>\n\n\n<\/div>\n<\/div>\n\n\n\n<h2 class=\"wp-block-heading\">S\u00e9jours combin\u00e9s dans les appartements<\/h2>\n\n\n\n<div class=\"wp-block-columns is-layout-flex wp-container-core-columns-is-layout-2 wp-block-columns-is-layout-flex\">\n<div class=\"wp-block-column is-layout-flow wp-block-column-is-layout-flow\">\n<div class=\"wp-block-group has-light-gray-background-color has-background\"><div class=\"wp-block-group__inner-container is-layout-flow wp-block-group-is-layout-flow\">\n<h6 class=\"wp-block-heading\"><strong><strong>APPARTEMENT \u00c0<\/strong> CORCUBION + <strong>APPARTEMENT \u00c0<\/strong> SANXENXO<\/strong><\/h6>\n\n\n\n<p class=\"has-text-align-center\"><a href=\"https:\/\/vidahoteles.com\/hotel-vida-mardelaxe\/\"><\/a><a href=\"https:\/\/vidahoteles.com\/fr\/appartements-vida-corcubion\/\">Appartements VIDA Corcubi\u00f3n<\/a> + <a href=\"https:\/\/vidahoteles.com\/fr\/appartements-vida-sanxenxo\/\">Appartements VIDA Sanxenxo<\/a><\/p>\n\n\n\n<figure class=\"wp-block-image size-large\"><img decoding=\"async\" width=\"1024\" height=\"576\" src=\"https:\/\/vidahoteles.com\/wp-content\/uploads\/2021\/03\/Estancias-Combinadas-14-1024x576.jpg\" alt=\"\" class=\"wp-image-6648\" srcset=\"https:\/\/vidahoteles.com\/wp-content\/uploads\/2021\/03\/Estancias-Combinadas-14-1024x576.jpg 1024w, https:\/\/vidahoteles.com\/wp-content\/uploads\/2021\/03\/Estancias-Combinadas-14-300x169.jpg 300w, https:\/\/vidahoteles.com\/wp-content\/uploads\/2021\/03\/Estancias-Combinadas-14-768x432.jpg 768w, https:\/\/vidahoteles.com\/wp-content\/uploads\/2021\/03\/Estancias-Combinadas-14.jpg 1152w\" sizes=\"(max-width: 1024px) 100vw, 1024px\" \/><\/figure>\n<\/div><\/div>\n\n\n<\/div>\n\n\n\n<div class=\"wp-block-column is-layout-flow wp-block-column-is-layout-flow\">\n<div class=\"wp-block-group has-light-gray-background-color has-background\"><div class=\"wp-block-group__inner-container is-layout-flow wp-block-group-is-layout-flow\">\n<h6 class=\"wp-block-heading\"><strong><strong><strong><strong>APPARTEMENT \u00c0<\/strong> FINISTERRE + <strong>APPARTEMENT \u00c0<\/strong> SANXENXO<\/strong><\/strong><\/strong><\/h6>\n\n\n\n<p class=\"has-text-align-center\"><a href=\"https:\/\/vidahoteles.com\/hotel-vida-mardelaxe\/\"><\/a><a href=\"https:\/\/vidahoteles.com\/apartamentos-vida-corcubion\/\"><\/a><a href=\"https:\/\/vidahoteles.com\/fr\/appartements-vida-finisterre\/\">Appartements VIDA Finisterre<\/a> + <a href=\"https:\/\/vidahoteles.com\/fr\/appartements-vida-versus\/\">Appartements VIDA Versus<\/a><\/p>\n\n\n\n<figure class=\"wp-block-image size-large\"><img loading=\"lazy\" decoding=\"async\" width=\"1024\" height=\"576\" src=\"https:\/\/vidahoteles.com\/wp-content\/uploads\/2021\/03\/Estancias-Combinadas-15-1024x576.jpg\" alt=\"\" class=\"wp-image-6652\" srcset=\"https:\/\/vidahoteles.com\/wp-content\/uploads\/2021\/03\/Estancias-Combinadas-15-1024x576.jpg 1024w, https:\/\/vidahoteles.com\/wp-content\/uploads\/2021\/03\/Estancias-Combinadas-15-300x169.jpg 300w, https:\/\/vidahoteles.com\/wp-content\/uploads\/2021\/03\/Estancias-Combinadas-15-768x432.jpg 768w, https:\/\/vidahoteles.com\/wp-content\/uploads\/2021\/03\/Estancias-Combinadas-15.jpg 1152w\" sizes=\"(max-width: 1024px) 100vw, 1024px\" \/><\/figure>\n<\/div><\/div>\n<\/div>\n<\/div>\n<div class=\"gsp_post_data\" \r\n\t            data-post_type=\"page\" \r\n\t            data-cat=\"\" \r\n\t            data-modified=\"120\"\r\n\t            data-created=\"1615573387\"\r\n\t            data-title=\"S\u00e9jours Combin\u00e9s en Galice\" \r\n\t            data-home=\"https:\/\/vidahoteles.com\/fr\/\"><\/div>","protected":false},"excerpt":{"rendered":"<p>Tour de la Galice de la mani\u00e8re la plus confortable Avec les s\u00e9jours combin\u00e9s que nous vous proposons, vous pourrez [&hellip;]<\/p>\n","protected":false},"author":2,"featured_media":6890,"parent":0,"menu_order":510,"comment_status":"closed","ping_status":"closed","template":"","meta":{"site-sidebar-layout":"default","site-content-layout":"","ast-site-content-layout":"default","site-content-style":"default","site-sidebar-style":"default","ast-global-header-display":"","ast-banner-title-visibility":"","ast-main-header-display":"","ast-hfb-above-header-display":"","ast-hfb-below-header-display":"","ast-hfb-mobile-header-display":"","site-post-title":"","ast-breadcrumbs-content":"","ast-featured-img":"","footer-sml-layout":"","ast-disable-related-posts":"","theme-transparent-header-meta":"","adv-header-id-meta":"","stick-header-meta":"","header-above-stick-meta":"","header-main-stick-meta":"","header-below-stick-meta":"","astra-migrate-meta-layouts":"default","ast-page-background-enabled":"default","ast-page-background-meta":{"desktop":{"background-color":"var(--ast-global-color-4)","background-image":"","background-repeat":"repeat","background-position":"center center","background-size":"auto","background-attachment":"scroll","background-type":"","background-media":"","overlay-type":"","overlay-color":"","overlay-opacity":"","overlay-gradient":""},"tablet":{"background-color":"","background-image":"","background-repeat":"repeat","background-position":"center center","background-size":"auto","background-attachment":"scroll","background-type":"","background-media":"","overlay-type":"","overlay-color":"","overlay-opacity":"","overlay-gradient":""},"mobile":{"background-color":"","background-image":"","background-repeat":"repeat","background-position":"center center","background-size":"auto","background-attachment":"scroll","background-type":"","background-media":"","overlay-type":"","overlay-color":"","overlay-opacity":"","overlay-gradient":""}},"ast-content-background-meta":{"desktop":{"background-color":"var(--ast-global-color-5)","background-image":"","background-repeat":"repeat","background-position":"center center","background-size":"auto","background-attachment":"scroll","background-type":"","background-media":"","overlay-type":"","overlay-color":"","overlay-opacity":"","overlay-gradient":""},"tablet":{"background-color":"var(--ast-global-color-5)","background-image":"","background-repeat":"repeat","background-position":"center center","background-size":"auto","background-attachment":"scroll","background-type":"","background-media":"","overlay-type":"","overlay-color":"","overlay-opacity":"","overlay-gradient":""},"mobile":{"background-color":"var(--ast-global-color-5)","background-image":"","background-repeat":"repeat","background-position":"center center","background-size":"auto","background-attachment":"scroll","background-type":"","background-media":"","overlay-type":"","overlay-color":"","overlay-opacity":"","overlay-gradient":""}},"ngg_post_thumbnail":0,"_jet_sm_ready_style":"","_jet_sm_style":"","_jet_sm_controls_values":"","_jet_sm_fonts_collection":"","_jet_sm_fonts_links":"","footnotes":""},"class_list":["post-6859","page","type-page","status-publish","has-post-thumbnail","hentry"],"yoast_head":"<!-- This site is optimized with the Yoast SEO plugin v24.8.1 - https:\/\/yoast.com\/wordpress\/plugins\/seo\/ -->\n<title>S\u00e9jours Combin\u00e9s en Galice - Vida Hoteles &amp; Apartamentos<\/title>\n<meta name=\"description\" content=\"Combinez votre s\u00e9jour en Galice dans les h\u00f4tels et appartements VIDA \u00e0 A Costa da Morte et Sanxenxo. Les vraies vacances dans un h\u00e9bergement de qualit\u00e9.\" \/>\n<meta name=\"robots\" content=\"index, follow, max-snippet:-1, max-image-preview:large, max-video-preview:-1\" \/>\n<link rel=\"canonical\" href=\"https:\/\/vidahoteles.com\/estancias-combinadas-en-galicia\/\" \/>\n<meta property=\"og:locale\" content=\"fr_FR\" \/>\n<meta property=\"og:type\" content=\"article\" \/>\n<meta property=\"og:title\" content=\"S\u00e9jours Combin\u00e9s en Galice - Vida Hoteles &amp; Apartamentos\" \/>\n<meta property=\"og:description\" content=\"Combinez votre s\u00e9jour en Galice dans les h\u00f4tels et appartements VIDA \u00e0 A Costa da Morte et Sanxenxo. Les vraies vacances dans un h\u00e9bergement de qualit\u00e9.\" \/>\n<meta property=\"og:url\" content=\"https:\/\/vidahoteles.com\/estancias-combinadas-en-galicia\/\" \/>\n<meta property=\"og:site_name\" content=\"Vida Hoteles &amp; Apartamentos\" \/>\n<meta property=\"article:modified_time\" content=\"2021-05-31T16:53:28+00:00\" \/>\n<meta property=\"og:image\" content=\"https:\/\/vidahoteles.com\/wp-content\/uploads\/2021\/03\/Estancias-Combinadas-01-FR.jpg\" \/>\n\t<meta property=\"og:image:width\" content=\"1152\" \/>\n\t<meta property=\"og:image:height\" content=\"648\" \/>\n\t<meta property=\"og:image:type\" content=\"image\/jpeg\" \/>\n<meta name=\"twitter:label1\" content=\"Dur\u00e9e de lecture estim\u00e9e\" \/>\n\t<meta name=\"twitter:data1\" content=\"2 minutes\" \/>\n<script type=\"application\/ld+json\" class=\"yoast-schema-graph\">{\"@context\":\"https:\/\/schema.org\",\"@graph\":[{\"@type\":\"WebPage\",\"@id\":\"https:\/\/vidahoteles.com\/estancias-combinadas-en-galicia\/\",\"url\":\"https:\/\/vidahoteles.com\/estancias-combinadas-en-galicia\/\",\"name\":\"S\u00e9jours Combin\u00e9s en Galice - Vida Hoteles &amp; Apartamentos\",\"isPartOf\":{\"@id\":\"https:\/\/vidahoteles.com\/#website\"},\"primaryImageOfPage\":{\"@id\":\"https:\/\/vidahoteles.com\/estancias-combinadas-en-galicia\/#primaryimage\"},\"image\":{\"@id\":\"https:\/\/vidahoteles.com\/estancias-combinadas-en-galicia\/#primaryimage\"},\"thumbnailUrl\":\"https:\/\/vidahoteles.com\/wp-content\/uploads\/2021\/03\/Estancias-Combinadas-01-FR.jpg\",\"datePublished\":\"2021-03-12T18:23:07+00:00\",\"dateModified\":\"2021-05-31T16:53:28+00:00\",\"description\":\"Combinez votre s\u00e9jour en Galice dans les h\u00f4tels et appartements VIDA \u00e0 A Costa da Morte et Sanxenxo. Les vraies vacances dans un h\u00e9bergement de qualit\u00e9.\",\"breadcrumb\":{\"@id\":\"https:\/\/vidahoteles.com\/estancias-combinadas-en-galicia\/#breadcrumb\"},\"inLanguage\":\"fr-FR\",\"potentialAction\":[{\"@type\":\"ReadAction\",\"target\":[\"https:\/\/vidahoteles.com\/estancias-combinadas-en-galicia\/\"]}]},{\"@type\":\"ImageObject\",\"inLanguage\":\"fr-FR\",\"@id\":\"https:\/\/vidahoteles.com\/estancias-combinadas-en-galicia\/#primaryimage\",\"url\":\"https:\/\/vidahoteles.com\/wp-content\/uploads\/2021\/03\/Estancias-Combinadas-01-FR.jpg\",\"contentUrl\":\"https:\/\/vidahoteles.com\/wp-content\/uploads\/2021\/03\/Estancias-Combinadas-01-FR.jpg\",\"width\":1152,\"height\":648},{\"@type\":\"BreadcrumbList\",\"@id\":\"https:\/\/vidahoteles.com\/estancias-combinadas-en-galicia\/#breadcrumb\",\"itemListElement\":[{\"@type\":\"ListItem\",\"position\":1,\"name\":\"Portada\",\"item\":\"https:\/\/vidahoteles.com\/pt-pt\/\"},{\"@type\":\"ListItem\",\"position\":2,\"name\":\"S\u00e9jours Combin\u00e9s en Galice\"}]},{\"@type\":\"WebSite\",\"@id\":\"https:\/\/vidahoteles.com\/#website\",\"url\":\"https:\/\/vidahoteles.com\/\",\"name\":\"Vida Hoteles &amp; Apartamentos\",\"description\":\"La cadena hotelera de A Costa da Morte (Galicia)\",\"potentialAction\":[{\"@type\":\"SearchAction\",\"target\":{\"@type\":\"EntryPoint\",\"urlTemplate\":\"https:\/\/vidahoteles.com\/?s={search_term_string}\"},\"query-input\":{\"@type\":\"PropertyValueSpecification\",\"valueRequired\":true,\"valueName\":\"search_term_string\"}}],\"inLanguage\":\"fr-FR\"}]}<\/script>\n<!-- \/ Yoast SEO plugin. -->","yoast_head_json":{"title":"S\u00e9jours Combin\u00e9s en Galice - Vida Hoteles &amp; Apartamentos","description":"Combinez votre s\u00e9jour en Galice dans les h\u00f4tels et appartements VIDA \u00e0 A Costa da Morte et Sanxenxo. Les vraies vacances dans un h\u00e9bergement de qualit\u00e9.","robots":{"index":"index","follow":"follow","max-snippet":"max-snippet:-1","max-image-preview":"max-image-preview:large","max-video-preview":"max-video-preview:-1"},"canonical":"https:\/\/vidahoteles.com\/estancias-combinadas-en-galicia\/","og_locale":"fr_FR","og_type":"article","og_title":"S\u00e9jours Combin\u00e9s en Galice - Vida Hoteles &amp; Apartamentos","og_description":"Combinez votre s\u00e9jour en Galice dans les h\u00f4tels et appartements VIDA \u00e0 A Costa da Morte et Sanxenxo. Les vraies vacances dans un h\u00e9bergement de qualit\u00e9.","og_url":"https:\/\/vidahoteles.com\/estancias-combinadas-en-galicia\/","og_site_name":"Vida Hoteles &amp; Apartamentos","article_modified_time":"2021-05-31T16:53:28+00:00","og_image":[{"width":1152,"height":648,"url":"https:\/\/vidahoteles.com\/wp-content\/uploads\/2021\/03\/Estancias-Combinadas-01-FR.jpg","type":"image\/jpeg"}],"twitter_misc":{"Dur\u00e9e de lecture estim\u00e9e":"2 minutes"},"schema":{"@context":"https:\/\/schema.org","@graph":[{"@type":"WebPage","@id":"https:\/\/vidahoteles.com\/estancias-combinadas-en-galicia\/","url":"https:\/\/vidahoteles.com\/estancias-combinadas-en-galicia\/","name":"S\u00e9jours Combin\u00e9s en Galice - Vida Hoteles &amp; Apartamentos","isPartOf":{"@id":"https:\/\/vidahoteles.com\/#website"},"primaryImageOfPage":{"@id":"https:\/\/vidahoteles.com\/estancias-combinadas-en-galicia\/#primaryimage"},"image":{"@id":"https:\/\/vidahoteles.com\/estancias-combinadas-en-galicia\/#primaryimage"},"thumbnailUrl":"https:\/\/vidahoteles.com\/wp-content\/uploads\/2021\/03\/Estancias-Combinadas-01-FR.jpg","datePublished":"2021-03-12T18:23:07+00:00","dateModified":"2021-05-31T16:53:28+00:00","description":"Combinez votre s\u00e9jour en Galice dans les h\u00f4tels et appartements VIDA \u00e0 A Costa da Morte et Sanxenxo. Les vraies vacances dans un h\u00e9bergement de qualit\u00e9.","breadcrumb":{"@id":"https:\/\/vidahoteles.com\/estancias-combinadas-en-galicia\/#breadcrumb"},"inLanguage":"fr-FR","potentialAction":[{"@type":"ReadAction","target":["https:\/\/vidahoteles.com\/estancias-combinadas-en-galicia\/"]}]},{"@type":"ImageObject","inLanguage":"fr-FR","@id":"https:\/\/vidahoteles.com\/estancias-combinadas-en-galicia\/#primaryimage","url":"https:\/\/vidahoteles.com\/wp-content\/uploads\/2021\/03\/Estancias-Combinadas-01-FR.jpg","contentUrl":"https:\/\/vidahoteles.com\/wp-content\/uploads\/2021\/03\/Estancias-Combinadas-01-FR.jpg","width":1152,"height":648},{"@type":"BreadcrumbList","@id":"https:\/\/vidahoteles.com\/estancias-combinadas-en-galicia\/#breadcrumb","itemListElement":[{"@type":"ListItem","position":1,"name":"Portada","item":"https:\/\/vidahoteles.com\/pt-pt\/"},{"@type":"ListItem","position":2,"name":"S\u00e9jours Combin\u00e9s en Galice"}]},{"@type":"WebSite","@id":"https:\/\/vidahoteles.com\/#website","url":"https:\/\/vidahoteles.com\/","name":"Vida Hoteles &amp; Apartamentos","description":"La cadena hotelera de A Costa da Morte (Galicia)","potentialAction":[{"@type":"SearchAction","target":{"@type":"EntryPoint","urlTemplate":"https:\/\/vidahoteles.com\/?s={search_term_string}"},"query-input":{"@type":"PropertyValueSpecification","valueRequired":true,"valueName":"search_term_string"}}],"inLanguage":"fr-FR"}]}},"_links":{"self":[{"href":"https:\/\/vidahoteles.com\/fr\/wp-json\/wp\/v2\/pages\/6859","targetHints":{"allow":["GET"]}}],"collection":[{"href":"https:\/\/vidahoteles.com\/fr\/wp-json\/wp\/v2\/pages"}],"about":[{"href":"https:\/\/vidahoteles.com\/fr\/wp-json\/wp\/v2\/types\/page"}],"author":[{"embeddable":true,"href":"https:\/\/vidahoteles.com\/fr\/wp-json\/wp\/v2\/users\/2"}],"replies":[{"embeddable":true,"href":"https:\/\/vidahoteles.com\/fr\/wp-json\/wp\/v2\/comments?post=6859"}],"version-history":[{"count":4,"href":"https:\/\/vidahoteles.com\/fr\/wp-json\/wp\/v2\/pages\/6859\/revisions"}],"predecessor-version":[{"id":8127,"href":"https:\/\/vidahoteles.com\/fr\/wp-json\/wp\/v2\/pages\/6859\/revisions\/8127"}],"wp:featuredmedia":[{"embeddable":true,"href":"https:\/\/vidahoteles.com\/fr\/wp-json\/wp\/v2\/media\/6890"}],"wp:attachment":[{"href":"https:\/\/vidahoteles.com\/fr\/wp-json\/wp\/v2\/media?parent=6859"}],"curies":[{"name":"wp","href":"https:\/\/api.w.org\/{rel}","templated":true}]}}